{"id":4095,"date":"2023-08-09T13:24:29","date_gmt":"2023-08-09T13:24:29","guid":{"rendered":"http:\/\/localhost\/emocions\/politica-privacitat\/"},"modified":"2023-08-09T13:24:29","modified_gmt":"2023-08-09T13:24:29","slug":"politica-privacitat","status":"publish","type":"page","link":"https:\/\/emocionsdeblanc.com\/es\/politica-privacitat\/","title":{"rendered":"Pol\u00edtica de privacitat"},"content":{"rendered":"\t\t<div data-elementor-type=\"wp-page\" data-elementor-id=\"4095\" class=\"elementor elementor-4095 elementor-3\">\n\t\t\t\t\t\t<section class=\"has_eae_slider elementor-section elementor-top-section elementor-element elementor-element-143ecd97 elementor-section-boxed elementor-section-height-default elementor-section-height-default wpr-particle-no wpr-jarallax-no wpr-parallax-no wpr-sticky-section-no\" data-eae-slider=\"46913\" data-id=\"143ecd97\" data-element_type=\"section\" data-e-type=\"section\">\n\t\t\t\t\t\t<div class=\"elementor-container elementor-column-gap-default\">\n\t\t\t\t\t<div class=\"has_eae_slider elementor-column elementor-col-100 elementor-top-column elementor-element elementor-element-78ab226d\" data-eae-slider=\"19657\" data-id=\"78ab226d\" data-element_type=\"column\" data-e-type=\"column\">\n\t\t\t<div class=\"elementor-widget-wrap elementor-element-populated\">\n\t\t\t\t\t\t<div class=\"elementor-element elementor-element-51d4df34 elementor-widget elementor-widget-text-editor\" data-id=\"51d4df34\" data-element_type=\"widget\" data-e-type=\"widget\" data-widget_type=\"text-editor.default\">\n\t\t\t\t<div class=\"elementor-widget-container\">\n\t\t\t\t\t\t\t\t\t\n<h2 class=\"wp-block-heading\">1. Dades del Responsable del Tractament<\/h2>\n\n\n\n<h3 class=\"wp-block-heading\">1.1. Part Responsable<\/h3>\n\n\n\n<ul>\n<li>Ra\u00f3 Social: Emocions de blanc, d&#8217;ara endavant, \u00abL&#8217;empresa\u00bb.<\/li>\n\n\n\n<li>Domicili Social: Cerdanya<\/li>\n\n\n\n<li>Correu electr\u00f2nic: info@emocionsdeblanc.com<\/li>\n<\/ul>\n\n\n\n<h3 class=\"wp-block-heading\">1.2. Normativa Aplicable<\/h3>\n\n\n\n<p>La nostra Pol\u00edtica de Privadesa s&#8217;ha dissenyat d&#8217;acord amb el Reglament General de Protecci\u00f3 de Dades de la UE 2016\/679 del Parlament Europeu i del Consell, de 27 d&#8217;abril de 2016, relatiu a la protecci\u00f3 de les persones f\u00edsiques pel que fa al tractament de dades personals i a la lliure circulaci\u00f3 d&#8217;aquestes dades, i pel qual es deroga la Directiva 95\/46\/CE (Reglament general de protecci\u00f3 de dades), i la Llei Org\u00e0nica 3\/2018 del 5 de desembre, de Protecci\u00f3 de Dades de Car\u00e0cter Personal i Garantia dels Drets Digitals. En facilitar-nos les seves dades, Vost\u00e8 declara haver llegit i con\u00e8ixer la present Pol\u00edtica de Privadesa, prestant el seu consentiment inequ\u00edvoc i expr\u00e9s al tractament de les seves dades personals d&#8217;acord amb les finalitats i termes aqu\u00ed expressats. L&#8217;Empresa podr\u00e0 modificar la present Pol\u00edtica de Privadesa per adaptar-la a les novetats legislatives, jurisprudencials o d&#8217;interpretaci\u00f3 de l&#8217;Ag\u00e8ncia Espanyola de Protecci\u00f3 de Dades. Aquestes condicions de privadesa podran ser complementades per l&#8217;Av\u00eds Legal, Pol\u00edtica de Galetes i les Condicions Generals que, si s&#8217;escau, es recullin per a determinats productes o serveis, si aquest acc\u00e9s comporta alguna especialitat en mat\u00e8ria de protecci\u00f3 de dades de car\u00e0cter personal.<\/p>\n\n\n\n<h2 class=\"wp-block-heading\">2. Finalitat del Tractament de les Dades Personals<\/h2>\n\n\n\n<p>El tractament que realitzem de les seves dades personals respon a les seg\u00fcents finalitats:<\/p>\n\n\n\n<ul>\n<li>Gesti\u00f3 de la comunicaci\u00f3: El tractament de les seves dades personals t\u00e9 com a finalitat la gesti\u00f3 efectiva de la comunicaci\u00f3 amb vost\u00e8, incloent la resposta a consultes, suggeriments i altres comunicacions relacionades amb els nostres productes i serveis. Aix\u00f2 ens permet proporcionar-li assist\u00e8ncia i informaci\u00f3 precisa i oportuna. Les seves dades es processen amb la finalitat de mantenir una comunicaci\u00f3 efectiva i millorar la seva experi\u00e8ncia amb l&#8217;empresa.<\/li>\n<\/ul>\n\n\n\n<h3 class=\"wp-block-heading\">2.1. Termini de Conservaci\u00f3 de les seves dades<\/h3>\n\n\n\n<p>Conservarem les seves dades personals des que ens doni el seu consentiment fins que ho revoqui o b\u00e9 sol\u00b7liciti la limitaci\u00f3 del tractament. En aquests casos, mantindrem les seves dades de manera bloquejada durant els terminis legalment exigits.<\/p>\n\n\n\n<h2 class=\"wp-block-heading\">3. Legitimaci\u00f3 i Dades Recollides<\/h2>\n\n\n\n<p>La legitimaci\u00f3 per al tractament de les seves dades \u00e9s el consentiment expr\u00e9s atorgat mitjan\u00e7ant un acte positiu i afirmatiu (emplenar el formulari corresponent i marcar la casella d&#8217;acceptaci\u00f3 d&#8217;aquesta pol\u00edtica) en el moment de facilitar-nos les seves dades personals.<\/p>\n\n\n\n<h3 class=\"wp-block-heading\">3.1. Consentiment per tractar les seves dades<\/h3>\n\n\n\n<p>En emplenar els formularis, marcar la casella \u00abAccepto la Pol\u00edtica de Privacitat\u00bb i fer clic per enviar les dades, o en remetre correus electr\u00f2nics a l&#8217;Empresa a trav\u00e9s dels comptes habilitats a l&#8217;efecte, l&#8217;Usuari manifesta haver llegit i acceptat expressament la present pol\u00edtica de privadesa, i atorga el seu consentiment inequ\u00edvoc i expr\u00e9s al tractament de les seves dades personals conforme a les finalitats indicades.<\/p>\n\n\n\n<h3 class=\"wp-block-heading\">3.2. Categories de dades<\/h3>\n\n\n\n<ul>\n<li>Les dades que recollim pertanyen principalment a les categories personals i de contacte. Aix\u00f2 inclou informaci\u00f3 com el nom, la adre\u00e7a de correu electr\u00f2nic, el n\u00famero de tel\u00e8fon i altres dades d&#8217;identificaci\u00f3. Aquestes dades s\u00f3n necess\u00e0ries per a la correcta gesti\u00f3 de la comunicaci\u00f3 i la prestaci\u00f3 dels nostres serveis.<\/li>\n\n\n\n<li>Cal destacar que no recopilem ni sol\u00b7licitem dades sensibles, com ara informaci\u00f3 m\u00e8dica, dades biom\u00e8triques, dades d&#8217;orientaci\u00f3 sexual o altres categories especials de dades, ja que no s\u00f3n pertinents per a les finalitats del tractament i estem compromesos amb la protecci\u00f3 de la seva privadesa i la conformitat amb la normativa de protecci\u00f3 de dades vigent.<\/li>\n<\/ul>\n\n\n\n<h2 class=\"wp-block-heading\">4. Mesures de Seguretat<\/h2>\n\n\n\n<p>Dins del nostre comprom\u00eds per garantir la seguretat i confidencialitat de les seves dades de car\u00e0cter personal, l&#8217;informem que s&#8217;han adoptat les mesures de tipus t\u00e8cnic i organitzatiu necess\u00e0ries per garantir la seguretat de les dades de car\u00e0cter personal i evitar-ne l&#8217;alteraci\u00f3, p\u00e8rdua, tractament o acc\u00e9s no autoritzat, tenint en compte l&#8217;estat de la tecnologia, la naturalesa de les dades emmagatzemades i els riscos als quals estiguin exposades, segons l&#8217;Article 32 del RGPD UE 679\/2016.<\/p>\n\n\n\n<h2 class=\"wp-block-heading\">5. Cessi\u00f3 de Dades<\/h2>\n\n\n\n<p>No es preveuen cessions de dades ni transfer\u00e8ncies internacionals de les seves dades, excepte les autoritzades per la legislaci\u00f3 fiscal, mercantil i de telecomunicacions, aix\u00ed com en aquells casos en qu\u00e8 una autoritat judicial ens ho requereixi.<\/p>\n\n\n\n<h2 class=\"wp-block-heading\">6. Drets de l&#8217;Usuari<\/h2>\n\n\n\n<p>Qualsevol interessat t\u00e9 dret a obtenir confirmaci\u00f3 de si estem tractant dades personals que li concerneixin, o no. Les persones interessades tenen dret a accedir a les seves dades personals, aix\u00ed com a sol\u00b7licitar la rectificaci\u00f3 de les dades inexactes o, si escau, sol\u00b7licitar-ne la supressi\u00f3 quan, entre d&#8217;altres motius, les dades ja no siguin necess\u00e0ries per als fins pels quals es van recollir. En determinades circumst\u00e0ncies, els interessats podran sol\u00b7licitar la limitaci\u00f3 del tractament de les seves dades, en qu\u00e8 cas nom\u00e9s en conservarem per a l&#8217;exercici o la defensa de reclamacions. Per motius relacionats amb la seva situaci\u00f3 concreta, els interessats podran oposar-se al tractament de les seves dades. El Responsable del fitxer deixar\u00e0 de tractar les dades, llevat que hi hagi motius leg\u00edtims imperatius, o l&#8217;exercici o la defensa de possibles reclamacions. D&#8217;acord amb la legislaci\u00f3 vigent, t\u00e9 els seg\u00fcents drets: dret a sol\u00b7licitar l&#8217;acc\u00e9s a les seves dades personals, dret a sol\u00b7licitar-ne la rectificaci\u00f3 o supressi\u00f3, dret a sol\u00b7licitar-ne la limitaci\u00f3 del tractament, dret a oposar-se al tractament, dret a la portabilitat de les dades i aix\u00ed mateix, a revocar el consentiment atorgat. Aix\u00ed mateix, t\u00e9 dret a presentar una reclamaci\u00f3 davant l&#8217;Ag\u00e8ncia Espanyola de Protecci\u00f3 de Dades.<\/p>\n\n\n\n<h3 class=\"wp-block-heading\">6.1. Com exercir els meus drets?<\/h3>\n\n\n\n<p>Per exercir els seus drets, ha de dirigir-se al responsable, sol\u00b7licitant el formulari corresponent per a l&#8217;exercici del dret triat. Opcionalment, pot acudir a l&#8217;Autoritat de Control competent per obtenir informaci\u00f3 addicional sobre els seus drets. Les dades de contacte per a l&#8217;exercici dels seus drets es el correu electr\u00f2nic info@emocionsdeblanc.com . Recordi adjuntar una c\u00f2pia d&#8217;un document que ens permeti identificar-lo.<\/p>\n\n\n\n<h2 class=\"wp-block-heading\">7. Consentiment per a l&#8217;enviament de Comunicacions Electr\u00f2niques<\/h2>\n\n\n\n<p>Aix\u00ed mateix, i d&#8217;acord amb el que estableix la Llei 34\/2002, de 11 de juliol, de Serveis de la Societat de la Informaci\u00f3 i el Comer\u00e7 Electr\u00f2nic, omplint el formulari de recollida de dades i marcant la corresponent casella \u00abAccepto l&#8217;enviament de comunicacions electr\u00f2niques\u00bb, atorga el consentiment expr\u00e9s per enviar-li a la seva adre\u00e7a de correu electr\u00f2nic, tel\u00e8fon, fax o altres mitjans electr\u00f2nics, l&#8217;enviament d&#8217;informaci\u00f3 sobre l&#8217;Empresa.<\/p>\n\t\t\t\t\t\t\t\t<\/div>\n\t\t\t\t<\/div>\n\t\t\t\t\t<\/div>\n\t\t<\/div>\n\t\t\t\t\t<\/div>\n\t\t<\/section>\n\t\t\t\t<\/div>\n\t\t","protected":false},"excerpt":{"rendered":"<p>1. Dades del Responsable del Tractament 1.1. Part Responsable 1.2. Normativa Aplicable La nostra Pol\u00edtica de Privadesa s&#8217;ha dissenyat d&#8217;acord amb el Reglament General de Protecci\u00f3 de Dades de la UE 2016\/679 del Parlament Europeu i del Consell, de 27 d&#8217;abril de 2016, relatiu a la protecci\u00f3 de les persones f\u00edsiques pel que fa al tractament de dades personals i a la lliure circulaci\u00f3 d&#8217;aquestes dades, i pel qual es deroga la Directiva 95\/46\/CE (Reglament general de protecci\u00f3 de dades), i la Llei Org\u00e0nica 3\/2018 del 5 de desembre, de Protecci\u00f3 de Dades de Car\u00e0cter Personal i Garantia dels Drets Digitals. En facilitar-nos les seves dades, Vost\u00e8 declara haver llegit i con\u00e8ixer la present Pol\u00edtica de Privadesa, prestant el seu consentiment inequ\u00edvoc i expr\u00e9s al tractament de les seves dades personals d&#8217;acord amb les finalitats i termes aqu\u00ed expressats. L&#8217;Empresa podr\u00e0 modificar la present Pol\u00edtica de Privadesa per adaptar-la a les novetats legislatives, jurisprudencials o d&#8217;interpretaci\u00f3 de l&#8217;Ag\u00e8ncia Espanyola de Protecci\u00f3 de Dades. Aquestes condicions de privadesa podran ser complementades per l&#8217;Av\u00eds Legal, Pol\u00edtica de Galetes i les Condicions Generals que, si s&#8217;escau, es recullin per a determinats productes o serveis, si aquest acc\u00e9s comporta alguna especialitat en mat\u00e8ria de protecci\u00f3 de dades de car\u00e0cter personal. 2. Finalitat del Tractament de les Dades Personals El tractament que realitzem de les seves dades personals respon a les seg\u00fcents finalitats: 2.1. Termini de Conservaci\u00f3 de les seves dades Conservarem les seves dades personals des que ens doni el seu consentiment fins que ho revoqui o b\u00e9 sol\u00b7liciti la limitaci\u00f3 del tractament. En aquests casos, mantindrem les seves dades de manera bloquejada durant els terminis legalment exigits. 3. Legitimaci\u00f3 i Dades Recollides La legitimaci\u00f3 per al tractament de les seves dades \u00e9s el consentiment expr\u00e9s atorgat mitjan\u00e7ant un acte positiu i afirmatiu (emplenar el formulari corresponent i marcar la casella d&#8217;acceptaci\u00f3 d&#8217;aquesta pol\u00edtica) en el moment de facilitar-nos les seves dades personals. 3.1. Consentiment per tractar les seves dades En emplenar els formularis, marcar la casella \u00abAccepto la Pol\u00edtica de Privacitat\u00bb i fer clic per enviar les dades, o en remetre correus electr\u00f2nics a l&#8217;Empresa a trav\u00e9s dels comptes habilitats a l&#8217;efecte, l&#8217;Usuari manifesta haver llegit i acceptat expressament la present pol\u00edtica de privadesa, i atorga el seu consentiment inequ\u00edvoc i expr\u00e9s al tractament de les seves dades personals conforme a les finalitats indicades. 3.2. Categories de dades 4. Mesures de Seguretat Dins del nostre comprom\u00eds per garantir la seguretat i confidencialitat de les seves dades de car\u00e0cter personal, l&#8217;informem que s&#8217;han adoptat les mesures de tipus t\u00e8cnic i organitzatiu necess\u00e0ries per garantir la seguretat de les dades de car\u00e0cter personal i evitar-ne l&#8217;alteraci\u00f3, p\u00e8rdua, tractament o acc\u00e9s no autoritzat, tenint en compte l&#8217;estat de la tecnologia, la naturalesa de les dades emmagatzemades i els riscos als quals estiguin exposades, segons l&#8217;Article 32 del RGPD UE 679\/2016. 5. Cessi\u00f3 de Dades No es preveuen cessions de dades ni transfer\u00e8ncies internacionals de les seves dades, excepte les autoritzades per la legislaci\u00f3 fiscal, mercantil i de telecomunicacions, aix\u00ed com en aquells casos en qu\u00e8 una autoritat judicial ens ho requereixi. 6. Drets de l&#8217;Usuari Qualsevol interessat t\u00e9 dret a obtenir confirmaci\u00f3 de si estem tractant dades personals que li concerneixin, o no. Les persones interessades tenen dret a accedir a les seves dades personals, aix\u00ed com a sol\u00b7licitar la rectificaci\u00f3 de les dades inexactes o, si escau, sol\u00b7licitar-ne la supressi\u00f3 quan, entre d&#8217;altres motius, les dades ja no siguin necess\u00e0ries per als fins pels quals es van recollir. En determinades circumst\u00e0ncies, els interessats podran sol\u00b7licitar la limitaci\u00f3 del tractament de les seves dades, en qu\u00e8 cas nom\u00e9s en conservarem per a l&#8217;exercici o la defensa de reclamacions. Per motius relacionats amb la seva situaci\u00f3 concreta, els interessats podran oposar-se al tractament de les seves dades. El Responsable del fitxer deixar\u00e0 de tractar les dades, llevat que hi hagi motius leg\u00edtims imperatius, o l&#8217;exercici o la defensa de possibles reclamacions. D&#8217;acord amb la legislaci\u00f3 vigent, t\u00e9 els seg\u00fcents drets: dret a sol\u00b7licitar l&#8217;acc\u00e9s a les seves dades personals, dret a sol\u00b7licitar-ne la rectificaci\u00f3 o supressi\u00f3, dret a sol\u00b7licitar-ne la limitaci\u00f3 del tractament, dret a oposar-se al tractament, dret a la portabilitat de les dades i aix\u00ed mateix, a revocar el consentiment atorgat. Aix\u00ed mateix, t\u00e9 dret a presentar una reclamaci\u00f3 davant l&#8217;Ag\u00e8ncia Espanyola de Protecci\u00f3 de Dades. 6.1. Com exercir els meus drets? Per exercir els seus drets, ha de dirigir-se al responsable, sol\u00b7licitant el formulari corresponent per a l&#8217;exercici del dret triat. Opcionalment, pot acudir a l&#8217;Autoritat de Control competent per obtenir informaci\u00f3 addicional sobre els seus drets. Les dades de contacte per a l&#8217;exercici dels seus drets es el correu electr\u00f2nic info@emocionsdeblanc.com . Recordi adjuntar una c\u00f2pia d&#8217;un document que ens permeti identificar-lo. 7. Consentiment per a l&#8217;enviament de Comunicacions Electr\u00f2niques Aix\u00ed mateix, i d&#8217;acord amb el que estableix la Llei 34\/2002, de 11 de juliol, de Serveis de la Societat de la Informaci\u00f3 i el Comer\u00e7 Electr\u00f2nic, omplint el formulari de recollida de dades i marcant la corresponent casella \u00abAccepto l&#8217;enviament de comunicacions electr\u00f2niques\u00bb, atorga el consentiment expr\u00e9s per enviar-li a la seva adre\u00e7a de correu electr\u00f2nic, tel\u00e8fon, fax o altres mitjans electr\u00f2nics, l&#8217;enviament d&#8217;informaci\u00f3 sobre l&#8217;Empresa.<\/p>\n","protected":false},"author":1,"featured_media":0,"parent":0,"menu_order":0,"comment_status":"closed","ping_status":"open","template":"elementor_theme","meta":{"footnotes":""},"class_list":["post-4095","page","type-page","status-publish","hentry"],"_links":{"self":[{"href":"https:\/\/emocionsdeblanc.com\/es\/wp-json\/wp\/v2\/pages\/4095","targetHints":{"allow":["GET"]}}],"collection":[{"href":"https:\/\/emocionsdeblanc.com\/es\/wp-json\/wp\/v2\/pages"}],"about":[{"href":"https:\/\/emocionsdeblanc.com\/es\/wp-json\/wp\/v2\/types\/page"}],"author":[{"embeddable":true,"href":"https:\/\/emocionsdeblanc.com\/es\/wp-json\/wp\/v2\/users\/1"}],"replies":[{"embeddable":true,"href":"https:\/\/emocionsdeblanc.com\/es\/wp-json\/wp\/v2\/comments?post=4095"}],"version-history":[{"count":0,"href":"https:\/\/emocionsdeblanc.com\/es\/wp-json\/wp\/v2\/pages\/4095\/revisions"}],"wp:attachment":[{"href":"https:\/\/emocionsdeblanc.com\/es\/wp-json\/wp\/v2\/media?parent=4095"}],"curies":[{"name":"wp","href":"https:\/\/api.w.org\/{rel}","templated":true}]}}